{"id":77009,"date":"2025-03-05T13:54:58","date_gmt":"2025-03-05T12:54:58","guid":{"rendered":"https:\/\/animo.eu\/om_animo\/fordelar-for-aterforsaljare\/"},"modified":"2025-03-10T14:34:47","modified_gmt":"2025-03-10T13:34:47","slug":"fordelar-for-aterforsaljare","status":"publish","type":"page","link":"https:\/\/animo.eu\/sv\/om_animo\/fordelar-for-aterforsaljare\/","title":{"rendered":"F\u00f6rdelar f\u00f6r \u00e5terf\u00f6rs\u00e4ljare"},"content":{"rendered":"\n<section class=\"hero\">\n    <div class=\"hero__background\">\n                                    <img fetchpriority=\"high\" decoding=\"async\" width=\"2560\" height=\"1707\" src=\"https:\/\/animo.eu\/wp-content\/uploads\/2024\/01\/OptibeanX_627-scaled.jpg\" class=\"hero__image img-fluid\" alt=\"Man in een witte blouse bedient een luxe Animo koffiemachine met een digitaal touchscreen, tegen een donkerblauwe achtergrond. Op het scherm staan verschillende koffiekeuzes. Op de afbeelding staat de tekst: &#039;Een sterke samenwerking, gebouwd op kwaliteit en betrouwbaarheid&#039;\" loading=\"eager\" srcset=\"https:\/\/animo.eu\/wp-content\/uploads\/2024\/01\/OptibeanX_627-scaled.jpg 2560w, https:\/\/animo.eu\/wp-content\/uploads\/2024\/01\/OptibeanX_627-300x200.jpg 300w, https:\/\/animo.eu\/wp-content\/uploads\/2024\/01\/OptibeanX_627-1024x683.jpg 1024w, https:\/\/animo.eu\/wp-content\/uploads\/2024\/01\/OptibeanX_627-768x512.jpg 768w, https:\/\/animo.eu\/wp-content\/uploads\/2024\/01\/OptibeanX_627-1536x1024.jpg 1536w, https:\/\/animo.eu\/wp-content\/uploads\/2024\/01\/OptibeanX_627-2048x1366.jpg 2048w, https:\/\/animo.eu\/wp-content\/uploads\/2024\/01\/OptibeanX_627-70x47.jpg 70w, https:\/\/animo.eu\/wp-content\/uploads\/2024\/01\/OptibeanX_627-550x367.jpg 550w, https:\/\/animo.eu\/wp-content\/uploads\/2024\/01\/OptibeanX_627-800x534.jpg 800w, https:\/\/animo.eu\/wp-content\/uploads\/2024\/01\/OptibeanX_627-150x100.jpg 150w\" sizes=\"(max-width: 2560px) 100vw, 2560px\" \/>                                <\/div>    \n            <div class=\"hero__content\">\n            <div class=\"container\">\n                <div class=\"row\">                    <div class=\"col-12 col-lg-9 col-xl-8\">                        <div class=\"hero__text \">\n                            <h1>Ett starkt partnerskap byggt p\u00e5 kvalitet och tillf\u00f6rlitlighet<\/h1>\n                        <\/div>\n                                                \n                    <\/div>\n                <\/div>\n            <\/div>\n        <\/div>\n        <div class=\"hero__scroll\">\n        <span>Rulla<\/span>\n        <svg class=\"icon icon--20 text-secondary\">\n            <use xlink:href=\"https:\/\/animo.eu\/wp-content\/themes\/animo\/build\/img\/symbols.svg#arrow-down\"><\/use>\n        <\/svg>      \n    <\/div>\n<\/section>\n\n<section  class=\"pane pane--tertiary \">\n    <div class=\"container\">\n        <div class=\"row justify-content-end\">\n            <div class=\"col-12 col-xl-11 offset-xl-1\">\n                <div class=\"row g-4 g-lg-8 g-xl-15 \">\n                                            <div class=\"col-12 col-lg-5\">\n                            <div class=\"pe-lg-10 pe-xl-20\">\n                                <h4>Undrar du varf\u00f6r Animo g\u00f6r skillnad f\u00f6r dina kunder och ditt f\u00f6retag?<\/h4>\n<p>Som \u00e5terf\u00f6rs\u00e4ljare vill du arbeta med en tillverkare som levererar premiumkaffemaskiner och som st\u00e5r bakom dig. P\u00e5 Animo kombinerar vi <strong>kvaliteten och utseendet hos ett premiumvarum\u00e4rke<\/strong> med den flexibilitet och det engagemang som du hittar i ett f\u00f6retag med familjef\u00f6retagets egenskaper. <\/p>\n<p>V\u00e5ra maskiner tillverkas i Nederl\u00e4nderna, i v\u00e5r egen fabrik, under r\u00e4ttvisa f\u00f6rh\u00e5llanden och med h\u00f6gkvalitativa material. \u00c5terf\u00f6rs\u00e4ljarna uppskattar oss inte bara f\u00f6r v\u00e5ra maskiners l\u00e5nga livsl\u00e4ngd och l\u00e5ga driftskostnader, utan ocks\u00e5 f\u00f6r v\u00e5rt samarbete: <strong>korta kommunikationsv\u00e4gar, snabb support och m\u00f6jligheten att l\u00e5ta din s\u00e4ljpersonal och dina mekaniker utbildas av oss. <\/strong>  <\/p>\n<p>Hos Animo finns <strong>allt under ett tak<\/strong> &#8211; fr\u00e5n FoU och produktion till handel och support. Det betyder att vi kan hj\u00e4lpa dig snabbt och optimalt. F\u00f6r oss \u00e4r du inte ett nummer, utan en v\u00e4rdefull partner. Har du en fr\u00e5ga? D\u00e5 \u00e4r v\u00e5rt team &#8211; fr\u00e5n support till FoU och s\u00e4kert ocks\u00e5 v\u00e5r marknadsavdelning &#8211; redo f\u00f6r dig.    <\/p>\n                            <\/div>\n                        <\/div>\n                                                                <div class=\"col-12 col-lg-7\">\n                            <ul class=\"list list--usp\">\n                                                                    <li class=\"list__item\">\n                                        <div class=\"row g-4\">\n                                            <div class=\"col-auto\">\n                                                <svg class=\"icon icon--10\">\n                                                    <use xlink:href=\"https:\/\/animo.eu\/wp-content\/themes\/animo\/build\/img\/symbols.svg#plus\"><\/use>\n                                                <\/svg>\n                                            <\/div>\n                                            <div class=\"col\">\n                                                <span>Premium kaffemaskiner sedan 1950<\/span>\n                                            <\/div>\n                                        <\/div>\n                                    <\/li>\n                                                                    <li class=\"list__item\">\n                                        <div class=\"row g-4\">\n                                            <div class=\"col-auto\">\n                                                <svg class=\"icon icon--10\">\n                                                    <use xlink:href=\"https:\/\/animo.eu\/wp-content\/themes\/animo\/build\/img\/symbols.svg#plus\"><\/use>\n                                                <\/svg>\n                                            <\/div>\n                                            <div class=\"col\">\n                                                <span>Designad och tillverkad i Nederl\u00e4nderna, i v\u00e5r egen fabrik<\/span>\n                                            <\/div>\n                                        <\/div>\n                                    <\/li>\n                                                                    <li class=\"list__item\">\n                                        <div class=\"row g-4\">\n                                            <div class=\"col-auto\">\n                                                <svg class=\"icon icon--10\">\n                                                    <use xlink:href=\"https:\/\/animo.eu\/wp-content\/themes\/animo\/build\/img\/symbols.svg#plus\"><\/use>\n                                                <\/svg>\n                                            <\/div>\n                                            <div class=\"col\">\n                                                <span>L\u00e5g total \u00e4gandekostnad<\/span>\n                                            <\/div>\n                                        <\/div>\n                                    <\/li>\n                                                                    <li class=\"list__item\">\n                                        <div class=\"row g-4\">\n                                            <div class=\"col-auto\">\n                                                <svg class=\"icon icon--10\">\n                                                    <use xlink:href=\"https:\/\/animo.eu\/wp-content\/themes\/animo\/build\/img\/symbols.svg#plus\"><\/use>\n                                                <\/svg>\n                                            <\/div>\n                                            <div class=\"col\">\n                                                <span>H\u00f6g kapacitet per timme &#8211; upp till 1 250 koppar per timme<\/span>\n                                            <\/div>\n                                        <\/div>\n                                    <\/li>\n                                                                    <li class=\"list__item\">\n                                        <div class=\"row g-4\">\n                                            <div class=\"col-auto\">\n                                                <svg class=\"icon icon--10\">\n                                                    <use xlink:href=\"https:\/\/animo.eu\/wp-content\/themes\/animo\/build\/img\/symbols.svg#plus\"><\/use>\n                                                <\/svg>\n                                            <\/div>\n                                            <div class=\"col\">\n                                                <span>H\u00e5llbar anv\u00e4ndning av material &#8211; rostfritt st\u00e5l \u00e4r 100% \u00e5tervinningsbart<\/span>\n                                            <\/div>\n                                        <\/div>\n                                    <\/li>\n                                                            <\/ul>\n                        <\/div>\n                                    <\/div>\n            <\/div>\n        <\/div>\n    <\/div>\n<\/section>\n\n<section  class=\"pane pane--white \">\n    <div class=\"container\">\n                    <div class=\"row justify-content-center mb-10\">\n                <div class=\"col-12 col-lg-10 col-xl-8\">\n                    <div class=\"pane__text\">\n                        <h2 style=\"text-align: center\">Favoritprodukter<\/h2>\n<p style=\"text-align: center\">Vi hj\u00e4lper dig g\u00e4rna i din jakt p\u00e5 det godaste kaffet<\/p>\n                    <\/div>\n                <\/div>\n            <\/div>\n                            <div class=\"row row--equalized g-4 g-lg-3 g-xl-6\">\n              \n                <div class=\"col-12 col-md-6 col-lg-3\">\n                    <div class=\"card card--product\">\n                        <div class=\"card-header\">\n                <div class=\"badge bg-tertiary\">B\u00f6nor (Espresso)<\/div>\n            <\/div>\n                <div class=\"card__image\">\n                    <img decoding=\"async\" width=\"550\" height=\"458\" src=\"https:\/\/animo.eu\/wp-content\/uploads\/2023\/06\/OptiBean-X-550x458.png\" class=\"image wp-post-image\" alt=\"\" loading=\"lazy\" srcset=\"https:\/\/animo.eu\/wp-content\/uploads\/2023\/06\/OptiBean-X-550x458.png 550w, https:\/\/animo.eu\/wp-content\/uploads\/2023\/06\/OptiBean-X-300x250.png 300w, https:\/\/animo.eu\/wp-content\/uploads\/2023\/06\/OptiBean-X-1024x852.png 1024w, https:\/\/animo.eu\/wp-content\/uploads\/2023\/06\/OptiBean-X-768x639.png 768w, https:\/\/animo.eu\/wp-content\/uploads\/2023\/06\/OptiBean-X-1536x1279.png 1536w, https:\/\/animo.eu\/wp-content\/uploads\/2023\/06\/OptiBean-X-70x58.png 70w, https:\/\/animo.eu\/wp-content\/uploads\/2023\/06\/OptiBean-X-120x100.png 120w, https:\/\/animo.eu\/wp-content\/uploads\/2023\/06\/OptiBean-X-150x125.png 150w, https:\/\/animo.eu\/wp-content\/uploads\/2023\/06\/OptiBean-X.png 1772w\" sizes=\"(max-width: 550px) 100vw, 550px\" \/>                <\/div>\n    <div class=\"card-body\">\n        <h3 class=\"card-title\">OptiBean X<\/h3>\n                    <p class=\"mb-0\">En stark espresso, en perfekt cappuccino, en uts\u00f6kt lungo &#8211; oavsett vad du dricker s\u00e5 \u00e4r det i de minsta detaljerna som den verkliga smaken finns. Det \u00e4r precis vad OptiBean X erbjuder.<\/p>\n            <\/div>\n    <div class=\"card-footer\">\n        <span class=\"btn btn-outline-secondary\">\n            <span class=\"btn__text\">Mer information<\/span>\n            <svg class=\"icon icon--20 icon--arrow\">\n                <use xlink:href=\"https:\/\/animo.eu\/wp-content\/themes\/animo\/build\/img\/symbols.svg#arrow-right\"><\/use>\n            <\/svg>\n        <\/span>\n    <\/div>\n    <a class=\"stretched-link\" href=\"https:\/\/animo.eu\/sv\/kaffemaskiner\/optibean-x\/\"><\/a>\n<\/div>\n                <\/div>\n              \n                <div class=\"col-12 col-md-6 col-lg-3\">\n                    <div class=\"card card--product\">\n                        <div class=\"card-header\">\n                <div class=\"badge bg-tertiary\">Direkt<\/div>\n            <\/div>\n                <div class=\"card__image\">\n                    <img decoding=\"async\" width=\"550\" height=\"458\" src=\"https:\/\/animo.eu\/wp-content\/uploads\/2023\/06\/OptiVend-Touch-550x458.png\" class=\"image wp-post-image\" alt=\"\" loading=\"lazy\" srcset=\"https:\/\/animo.eu\/wp-content\/uploads\/2023\/06\/OptiVend-Touch-550x458.png 550w, https:\/\/animo.eu\/wp-content\/uploads\/2023\/06\/OptiVend-Touch-300x250.png 300w, https:\/\/animo.eu\/wp-content\/uploads\/2023\/06\/OptiVend-Touch-1024x852.png 1024w, https:\/\/animo.eu\/wp-content\/uploads\/2023\/06\/OptiVend-Touch-768x639.png 768w, https:\/\/animo.eu\/wp-content\/uploads\/2023\/06\/OptiVend-Touch-1536x1279.png 1536w, https:\/\/animo.eu\/wp-content\/uploads\/2023\/06\/OptiVend-Touch-70x58.png 70w, https:\/\/animo.eu\/wp-content\/uploads\/2023\/06\/OptiVend-Touch-120x100.png 120w, https:\/\/animo.eu\/wp-content\/uploads\/2023\/06\/OptiVend-Touch-150x125.png 150w, https:\/\/animo.eu\/wp-content\/uploads\/2023\/06\/OptiVend-Touch.png 1772w\" sizes=\"(max-width: 550px) 100vw, 550px\" \/>                <\/div>\n    <div class=\"card-body\">\n        <h3 class=\"card-title\">OptiVend<\/h3>\n                    <p class=\"mb-0\">Upplev kraften i OptiVend. Njut av snabbkaffe p\u00e5 n\u00e5gra sekunder, perfekt i smak och temperatur. N\u00e4r som helst p\u00e5 dygnet.  <\/p>\n            <\/div>\n    <div class=\"card-footer\">\n        <span class=\"btn btn-outline-secondary\">\n            <span class=\"btn__text\">Mer information<\/span>\n            <svg class=\"icon icon--20 icon--arrow\">\n                <use xlink:href=\"https:\/\/animo.eu\/wp-content\/themes\/animo\/build\/img\/symbols.svg#arrow-right\"><\/use>\n            <\/svg>\n        <\/span>\n    <\/div>\n    <a class=\"stretched-link\" href=\"https:\/\/animo.eu\/sv\/kaffemaskiner\/optivend\/\"><\/a>\n<\/div>\n                <\/div>\n              \n                <div class=\"col-12 col-md-6 col-lg-3\">\n                    <div class=\"card card--product\">\n                        <div class=\"card-header\">\n                <div class=\"badge bg-tertiary\">Kaffebryggsystem<\/div>\n            <\/div>\n                <div class=\"card__image\">\n                    <img decoding=\"async\" width=\"550\" height=\"458\" src=\"https:\/\/animo.eu\/wp-content\/uploads\/2023\/08\/Combi-line-product-550x458.png\" class=\"image wp-post-image\" alt=\"\" loading=\"lazy\" srcset=\"https:\/\/animo.eu\/wp-content\/uploads\/2023\/08\/Combi-line-product-550x458.png 550w, https:\/\/animo.eu\/wp-content\/uploads\/2023\/08\/Combi-line-product-300x250.png 300w, https:\/\/animo.eu\/wp-content\/uploads\/2023\/08\/Combi-line-product-1024x852.png 1024w, https:\/\/animo.eu\/wp-content\/uploads\/2023\/08\/Combi-line-product-768x639.png 768w, https:\/\/animo.eu\/wp-content\/uploads\/2023\/08\/Combi-line-product-1536x1279.png 1536w, https:\/\/animo.eu\/wp-content\/uploads\/2023\/08\/Combi-line-product-70x58.png 70w, https:\/\/animo.eu\/wp-content\/uploads\/2023\/08\/Combi-line-product-800x666.png 800w, https:\/\/animo.eu\/wp-content\/uploads\/2023\/08\/Combi-line-product-120x100.png 120w, https:\/\/animo.eu\/wp-content\/uploads\/2023\/08\/Combi-line-product-150x125.png 150w, https:\/\/animo.eu\/wp-content\/uploads\/2023\/08\/Combi-line-product.png 1772w\" sizes=\"(max-width: 550px) 100vw, 550px\" \/>                <\/div>\n    <div class=\"card-body\">\n        <h3 class=\"card-title\">ComBi-line<\/h3>\n                    <p class=\"mb-0\">Med kaffebryggarna fr\u00e5n ComBi-line kan du enkelt och snabbt brygga stora m\u00e4ngder f\u00e4rskt filterkaffe.<\/p>\n            <\/div>\n    <div class=\"card-footer\">\n        <span class=\"btn btn-outline-secondary\">\n            <span class=\"btn__text\">Mer information<\/span>\n            <svg class=\"icon icon--20 icon--arrow\">\n                <use xlink:href=\"https:\/\/animo.eu\/wp-content\/themes\/animo\/build\/img\/symbols.svg#arrow-right\"><\/use>\n            <\/svg>\n        <\/span>\n    <\/div>\n    <a class=\"stretched-link\" href=\"https:\/\/animo.eu\/sv\/kaffebryggsystem\/kaffebryggsystem\/\"><\/a>\n<\/div>\n                <\/div>\n              \n                <div class=\"col-12 col-md-6 col-lg-3\">\n                    <div class=\"card card--product\">\n                        <div class=\"card-header\">\n                <div class=\"badge bg-tertiary\">B\u00f6nor (Espresso)<\/div>\n            <\/div>\n                <div class=\"card__image\">\n                    <img decoding=\"async\" width=\"550\" height=\"458\" src=\"https:\/\/animo.eu\/wp-content\/uploads\/2024\/05\/OptiMe-X-white_black-550x458.png\" class=\"image wp-post-image\" alt=\"\" loading=\"lazy\" srcset=\"https:\/\/animo.eu\/wp-content\/uploads\/2024\/05\/OptiMe-X-white_black-550x458.png 550w, https:\/\/animo.eu\/wp-content\/uploads\/2024\/05\/OptiMe-X-white_black-300x250.png 300w, https:\/\/animo.eu\/wp-content\/uploads\/2024\/05\/OptiMe-X-white_black-1024x852.png 1024w, https:\/\/animo.eu\/wp-content\/uploads\/2024\/05\/OptiMe-X-white_black-768x639.png 768w, https:\/\/animo.eu\/wp-content\/uploads\/2024\/05\/OptiMe-X-white_black-1536x1279.png 1536w, https:\/\/animo.eu\/wp-content\/uploads\/2024\/05\/OptiMe-X-white_black-70x58.png 70w, https:\/\/animo.eu\/wp-content\/uploads\/2024\/05\/OptiMe-X-white_black-800x666.png 800w, https:\/\/animo.eu\/wp-content\/uploads\/2024\/05\/OptiMe-X-white_black-120x100.png 120w, https:\/\/animo.eu\/wp-content\/uploads\/2024\/05\/OptiMe-X-white_black-150x125.png 150w, https:\/\/animo.eu\/wp-content\/uploads\/2024\/05\/OptiMe-X-white_black.png 1772w\" sizes=\"(max-width: 550px) 100vw, 550px\" \/>                <\/div>\n    <div class=\"card-body\">\n        <h3 class=\"card-title\">OptiMe X<\/h3>\n                    <p class=\"mb-0\">Med OptiMe X kan du enkelt brygga tv\u00e5 koppar p\u00e5 samma g\u00e5ng. Detta \u00e4r m\u00f6jligt tack vare X-pressbryggaren. Det perfekta kaffet har aldrig varit enklare.<\/p>\n            <\/div>\n    <div class=\"card-footer\">\n        <span class=\"btn btn-outline-secondary\">\n            <span class=\"btn__text\">Mer information<\/span>\n            <svg class=\"icon icon--20 icon--arrow\">\n                <use xlink:href=\"https:\/\/animo.eu\/wp-content\/themes\/animo\/build\/img\/symbols.svg#arrow-right\"><\/use>\n            <\/svg>\n        <\/span>\n    <\/div>\n    <a class=\"stretched-link\" href=\"https:\/\/animo.eu\/sv\/kaffemaskiner\/optime-x\/\"><\/a>\n<\/div>\n                <\/div>\n                        <\/div>\n                        <\/div>\n<\/section>\n\n<section  class=\"pane pane--tertiary \">\n    <div class=\"container\">\n        <div class=\"row g-4 g-lg-8 g-xl-15 g-xxl-20  \">\n                            <div class=\"col-12 col-lg-6\">\n                    <div class=\"pane__text\">\n                        <h4><strong>1. Premiumkvalitet, l\u00e5ng livsl\u00e4ngd<\/strong><\/h4>\n<p>Animos kaffemaskiner \u00e4r byggda f\u00f6r att h\u00e5lla &#8211; <strong>7 till 10 \u00e5r<\/strong> i genomsnitt, och med r\u00e4tt underh\u00e5ll \u00e4nnu l\u00e4ngre. D\u00e4r m\u00e5nga billigare m\u00e4rken anv\u00e4nder plast, v\u00e4ljer Animo <strong>h\u00e5llbart rostfritt st\u00e5l<\/strong> &#8211; inte bara i h\u00f6ljet, utan \u00e4ven i brygggruppen. Detta g\u00f6r v\u00e5ra maskiner mer robusta, mer slitstarka och ocks\u00e5 l\u00e4ttare att se \u00f6ver.  <\/p>\n<p>Tack vare dessa h\u00f6gkvalitativa material och den smarta konstruktionen har v\u00e5ra maskiner <strong>mindre slitage, f\u00e4rre haverier och l\u00e4gre underh\u00e5llskostnader<\/strong>. Varje maskin genomg\u00e5r dessutom omfattande tester innan den l\u00e4mnar fabriken. <\/p>\n                                                \n\n\n\n                    <\/div>\n                <\/div>\n                                        <div class=\"col-12 col-lg\">\n                    <figure class=\"figure \">\n                        <img decoding=\"async\" width=\"1024\" height=\"819\" src=\"https:\/\/animo.eu\/wp-content\/uploads\/2023\/07\/OptiBeanX-13-Open-1024x819.png\" class=\"img-fluid\" alt=\"\" loading=\"lazy\" srcset=\"https:\/\/animo.eu\/wp-content\/uploads\/2023\/07\/OptiBeanX-13-Open-1024x819.png 1024w, https:\/\/animo.eu\/wp-content\/uploads\/2023\/07\/OptiBeanX-13-Open-300x240.png 300w, https:\/\/animo.eu\/wp-content\/uploads\/2023\/07\/OptiBeanX-13-Open-768x615.png 768w, https:\/\/animo.eu\/wp-content\/uploads\/2023\/07\/OptiBeanX-13-Open-70x56.png 70w, https:\/\/animo.eu\/wp-content\/uploads\/2023\/07\/OptiBeanX-13-Open-550x440.png 550w, https:\/\/animo.eu\/wp-content\/uploads\/2023\/07\/OptiBeanX-13-Open-800x640.png 800w, https:\/\/animo.eu\/wp-content\/uploads\/2023\/07\/OptiBeanX-13-Open-125x100.png 125w, https:\/\/animo.eu\/wp-content\/uploads\/2023\/07\/OptiBeanX-13-Open-150x120.png 150w, https:\/\/animo.eu\/wp-content\/uploads\/2023\/07\/OptiBeanX-13-Open.png 1276w\" sizes=\"(max-width: 1024px) 100vw, 1024px\" \/>                    <\/figure>\n                <\/div>\n                    <\/div>\n    <\/div>\n<\/section>\n\n<section  class=\"pane pane--white \">\n    <div class=\"container\">\n        <div class=\"row g-4 g-lg-8 g-xl-15 g-xxl-20  flex-lg-row-reverse\">\n                            <div class=\"col-12 col-lg-6\">\n                    <div class=\"pane__text\">\n                        <h4><strong>2. L\u00e5g total \u00e4gandekostnad<\/strong><\/h4>\n<p>Animo-maskinernas l\u00e5nga livsl\u00e4ngd leder direkt till <strong>l\u00e5ga driftskostnader<\/strong>. Tack vare den h\u00e5llbara konstruktionen och de h\u00f6gkvalitativa komponenterna f\u00f6rblir kostnaderna f\u00f6r reservdelar anm\u00e4rkningsv\u00e4rt l\u00e5ga: <\/p>\n<ul>\n<li><strong>OptiBean X:<\/strong> 40 euro per \u00e5r<\/li>\n<li><strong>OptiMe X:<\/strong> 36 euro per \u00e5r<\/li>\n<li><strong>OptiVend Touch:<\/strong> 25 euro per \u00e5r<\/li>\n<\/ul>\n<p>Dessutom \u00e4r ov\u00e4ntade servicebes\u00f6k p\u00e5 Animo-maskiner exceptionellt s\u00e4llsynta &#8211; i genomsnitt <strong>mindre \u00e4n en g\u00e5ng per \u00e5r<\/strong>. F\u00f6r dig som \u00e5terf\u00f6rs\u00e4ljare inneb\u00e4r detta <strong>f\u00e4rre ov\u00e4ntade servicebes\u00f6k, l\u00e4gre underh\u00e5llskostnader och framf\u00f6r allt n\u00f6jda kunder som kan lita p\u00e5 sin kaffemaskin<\/strong>. <\/p>\n<p>Genom att v\u00e4lja Animo investerar du i en maskin som inte bara h\u00e5ller l\u00e4ngre, utan som ocks\u00e5 har f\u00f6ruts\u00e4gbara och l\u00e5ga driftskostnader. Detta g\u00f6r inte bara dina kunder n\u00f6jda, utan s\u00e4kerst\u00e4ller ocks\u00e5 att du kan arbeta mer effektivt. <\/p>\n                                                \n                    <\/div>\n                <\/div>\n                                        <div class=\"col-12 col-lg\">\n                    <figure class=\"figure image_reversed\">\n                                            <\/figure>\n                <\/div>\n                    <\/div>\n    <\/div>\n<\/section>\n\n<section  class=\"pane pane--tertiary \">\n    <div class=\"container\">\n        <div class=\"row g-4 g-lg-8 g-xl-15 g-xxl-20  \">\n                            <div class=\"col-12 col-lg-6\">\n                    <div class=\"pane__text\">\n                        <h4><strong>3. Utm\u00e4rkt \u00e5terf\u00f6rs\u00e4ljarsupport<\/strong><\/h4>\n<p>P\u00e5 Animo \u00e4r du aldrig ensam som \u00e5terf\u00f6rs\u00e4ljare. Vi erbjuder inte bara starka produkter, utan ocks\u00e5 det st\u00f6d du beh\u00f6ver f\u00f6r att bli framg\u00e5ngsrik. <\/p>\n<ul>\n<li><strong>Personlig och snabb support:<\/strong> Har du en fr\u00e5ga? D\u00e5 kommer du snabbt att f\u00e5 en expert p\u00e5 tr\u00e5den. V\u00e5r supportpersonal kan ta direktkontakt med fabriken eller FoU-avdelningen och ofta ge en l\u00f6sning <strong>samma dag<\/strong>. \u00c5terf\u00f6rs\u00e4ljare arbetar ocks\u00e5 med en <strong>dedikerad account manager<\/strong>, s\u00e5 att du alltid \u00e4r i kontakt med n\u00e5gon som k\u00e4nner till din verksamhet.   <\/li>\n<li><strong>Riktad kommersiell och teknisk utbildning:<\/strong> S\u00e4ljare l\u00e4r sig exakt <strong>vilken Animo-maskin som \u00e4r b\u00e4st f\u00f6r vilken situation,<\/strong> s\u00e5 att de kan ge r\u00e4tt r\u00e5d med tillf\u00f6rsikt. Mekaniker f\u00e5r en djupg\u00e5ende f\u00f6rst\u00e5else f\u00f6r tekniken, vilket g\u00f6r att de kan \u00e5tg\u00e4rda fel snabbare och f\u00f6rebygga problem. Efter avslutad utbildning f\u00e5r deltagarna ett <strong>officiellt certifikat<\/strong>.  <\/li>\n<li><strong>Exklusiv tillg\u00e5ng till MyAnimo:<\/strong> Denna \u00e5terf\u00f6rs\u00e4ljarportal som \u00e4r tillg\u00e4nglig 24\/7 erbjuder allt du beh\u00f6ver: <strong>bilder f\u00f6r din webbplats och sociala medier, offerttexter, broschyrer, teknisk dokumentation, spr\u00e4ngskisser, programuppdateringar och nyheter.<\/strong> Allt p\u00e5 ett st\u00e4lle, alltid tillg\u00e4ngligt. <\/li>\n<li><strong>Anpassat marknadsf\u00f6ringsst\u00f6d:<\/strong> Vill du skapa en specifik kampanj eller dela information p\u00e5 din webbplats, i ditt nyhetsbrev eller i sociala medier? D\u00e5 t\u00e4nker vi tillsammans med dig. \u00c5terf\u00f6rs\u00e4ljare kan alltid mejla eller ringa oss f\u00f6r att f\u00e5 r\u00e4tt inneh\u00e5ll och bilder.  <\/li>\n<\/ul>\n<p>Med detta st\u00f6d kommer du som \u00e5terf\u00f6rs\u00e4ljare inte bara att kunna s\u00e4lja l\u00e4ttare, utan ocks\u00e5 betj\u00e4na dina kunder b\u00e4ttre och bygga en starkare relation.<\/p>\n                                                \n                    <\/div>\n                <\/div>\n                                        <div class=\"col-12 col-lg\">\n                    <figure class=\"figure \">\n                        <img decoding=\"async\" width=\"1024\" height=\"1024\" src=\"https:\/\/animo.eu\/wp-content\/uploads\/2023\/09\/Animo-beurs-OptiBean-1024x1024.png\" class=\"img-fluid\" alt=\"\" loading=\"lazy\" srcset=\"https:\/\/animo.eu\/wp-content\/uploads\/2023\/09\/Animo-beurs-OptiBean-1024x1024.png 1024w, https:\/\/animo.eu\/wp-content\/uploads\/2023\/09\/Animo-beurs-OptiBean-300x300.png 300w, https:\/\/animo.eu\/wp-content\/uploads\/2023\/09\/Animo-beurs-OptiBean-150x150.png 150w, https:\/\/animo.eu\/wp-content\/uploads\/2023\/09\/Animo-beurs-OptiBean-768x768.png 768w, https:\/\/animo.eu\/wp-content\/uploads\/2023\/09\/Animo-beurs-OptiBean-1536x1536.png 1536w, https:\/\/animo.eu\/wp-content\/uploads\/2023\/09\/Animo-beurs-OptiBean-2048x2048.png 2048w, https:\/\/animo.eu\/wp-content\/uploads\/2023\/09\/Animo-beurs-OptiBean-70x70.png 70w, https:\/\/animo.eu\/wp-content\/uploads\/2023\/09\/Animo-beurs-OptiBean-550x550.png 550w, https:\/\/animo.eu\/wp-content\/uploads\/2023\/09\/Animo-beurs-OptiBean-800x800.png 800w, https:\/\/animo.eu\/wp-content\/uploads\/2023\/09\/Animo-beurs-OptiBean-100x100.png 100w, https:\/\/animo.eu\/wp-content\/uploads\/2023\/09\/Animo-beurs-OptiBean-1400x1400.png 1400w, https:\/\/animo.eu\/wp-content\/uploads\/2023\/09\/Animo-beurs-OptiBean-700x700.png 700w, https:\/\/animo.eu\/wp-content\/uploads\/2023\/09\/Animo-beurs-OptiBean-350x350.png 350w\" sizes=\"(max-width: 1024px) 100vw, 1024px\" \/>                    <\/figure>\n                <\/div>\n                    <\/div>\n    <\/div>\n<\/section>\n\n<section  class=\"pane pane--white \">\n    <div class=\"container\">\n        <div class=\"row g-4 g-lg-8 g-xl-15 g-xxl-20  flex-lg-row-reverse\">\n                            <div class=\"col-12 col-lg-6\">\n                    <div class=\"pane__text\">\n                        <h4><strong>4. F\u00f6rs\u00f6ksplaceringar m\u00f6jliga<\/strong><\/h4>\n<p>En kaffemaskin \u00e4r en investering, och vi f\u00f6rst\u00e5r att kunderna vill vara s\u00e4kra p\u00e5 att de g\u00f6r r\u00e4tt val. D\u00e4rf\u00f6r erbjuder Animo, i samarbete med en \u00e5terf\u00f6rs\u00e4ljare i regionen, m\u00f6jligheten till en <strong>kostnadsfri<\/strong> provperiod. Detta g\u00f6r det m\u00f6jligt f\u00f6r f\u00f6retag att testa en Animo-maskin i sin egen milj\u00f6 <strong>under n\u00e5gra veckor<\/strong>. Detta ger medarbetarna m\u00f6jlighet att uppleva kaffet och bed\u00f6ma dess <strong>smak, anv\u00e4ndarv\u00e4nlighet och hastighet<\/strong> &#8211; de tre aspekter som ofta \u00f6vertygar kunderna om att beh\u00e5lla maskinen permanent. Under testperioden erbjuder Animo support till b\u00e5de \u00e5terf\u00f6rs\u00e4ljaren och slutkunden, s\u00e5 att alla l\u00e4r k\u00e4nna maskinen p\u00e5 b\u00e4sta m\u00f6jliga s\u00e4tt.    <\/p>\n                                                \n                    <\/div>\n                <\/div>\n                                        <div class=\"col-12 col-lg\">\n                    <figure class=\"figure image_reversed\">\n                        <img decoding=\"async\" width=\"1024\" height=\"683\" src=\"https:\/\/animo.eu\/wp-content\/uploads\/2024\/12\/Ubel_01_met-label-1024x683.jpg\" class=\"img-fluid\" alt=\"\" loading=\"lazy\" srcset=\"https:\/\/animo.eu\/wp-content\/uploads\/2024\/12\/Ubel_01_met-label-1024x683.jpg 1024w, https:\/\/animo.eu\/wp-content\/uploads\/2024\/12\/Ubel_01_met-label-300x200.jpg 300w, https:\/\/animo.eu\/wp-content\/uploads\/2024\/12\/Ubel_01_met-label-768x513.jpg 768w, https:\/\/animo.eu\/wp-content\/uploads\/2024\/12\/Ubel_01_met-label-1536x1025.jpg 1536w, https:\/\/animo.eu\/wp-content\/uploads\/2024\/12\/Ubel_01_met-label-2048x1367.jpg 2048w, https:\/\/animo.eu\/wp-content\/uploads\/2024\/12\/Ubel_01_met-label-70x47.jpg 70w, https:\/\/animo.eu\/wp-content\/uploads\/2024\/12\/Ubel_01_met-label-550x367.jpg 550w, https:\/\/animo.eu\/wp-content\/uploads\/2024\/12\/Ubel_01_met-label-800x534.jpg 800w, https:\/\/animo.eu\/wp-content\/uploads\/2024\/12\/Ubel_01_met-label-150x100.jpg 150w\" sizes=\"(max-width: 1024px) 100vw, 1024px\" \/>                    <\/figure>\n                <\/div>\n                    <\/div>\n    <\/div>\n<\/section>\n\n<section  class=\"pane pane--tertiary \">\n    <div class=\"container\">\n        <div class=\"row g-4 g-lg-8 g-xl-15 g-xxl-20  \">\n                            <div class=\"col-12 col-lg-6\">\n                    <div class=\"pane__text\">\n                        <h3><strong>Animo i korthet<\/strong><\/h3>\n<ul>\n<li><strong>H\u00f6g kapacitet per timme<\/strong>:\n<ul>\n<li><strong>Maskiner f\u00f6r f\u00e4rska b\u00f6nor<\/strong> brygger upp till <strong>160 koppar per timme,<\/strong> tack vare att tv\u00e5 recept bryggs samtidigt utan att smaken g\u00e5r f\u00f6rlorad.<\/li>\n<li><strong>Snabbkaffemaskiner<\/strong> kan hantera upp till <strong>1250 koppar per timme<\/strong><\/li>\n<li><strong>Bulkbryggare bry<\/strong> gger stora m\u00e4ngder filterkaffe, upp till <strong>180 liter per timme.<\/strong><\/li>\n<\/ul>\n<\/li>\n<li><strong>Made in Holland<\/strong>: Designad, tillverkad och monterad under ett och samma tak i Nederl\u00e4nderna &#8211; med europeiska kvalitetsstandarder och omsorg om detaljerna.<\/li>\n<li><strong>Verksam sedan 1950<\/strong>: \u00d6ver 70 \u00e5rs erfarenhet av innovation, hantverkskunnande och premiumkaffel\u00f6sningar.<\/li>\n<li><strong>H\u00e5llbarhet \u00e4r av yttersta<\/strong> vikt:\n<ul>\n<li><strong>Mer \u00e4n 80% av v\u00e5rt anv\u00e4nda rostfria st\u00e5l \u00e5tervinns<\/strong> och 100% \u00e4r \u00e5tervinningsbart.<\/li>\n<li><strong>I genomsnitt \u00e4r mer \u00e4n 95% av v\u00e5ra maskiner \u00e5tervinningsbara<\/strong>.<\/li>\n<li><strong>Energim\u00e4rkning A+<\/strong>, f\u00f6r effektiv och ansvarsfull kaffef\u00f6rs\u00f6rjning.<\/li>\n<li><strong>X-press precisionsbryggare<\/strong> (i OptiMe X och OptiBean X) \u00e4r enkel att renovera, vilket f\u00f6rl\u00e4nger dess livsl\u00e4ngd och minimerar avfallet.<\/li>\n<\/ul>\n<\/li>\n<li><strong>Prisbel\u00f6nt design<\/strong>: har vunnit flera <strong>Red Dot Awards<\/strong> f\u00f6r b\u00e5de estetik och funktionalitet.<\/li>\n<\/ul>\n                                                \n                    <\/div>\n                <\/div>\n                                        <div class=\"col-12 col-lg\">\n                    <figure class=\"figure \">\n                        <img decoding=\"async\" width=\"1024\" height=\"683\" src=\"https:\/\/animo.eu\/wp-content\/uploads\/2024\/12\/Sfeer_top_view_cups_04-1024x683.jpg\" class=\"img-fluid\" alt=\"Twee kopjes koffie tegelijk uit een Animo OptiMe X koffiemachine voor de zakelijke markt\" loading=\"lazy\" srcset=\"https:\/\/animo.eu\/wp-content\/uploads\/2024\/12\/Sfeer_top_view_cups_04-1024x683.jpg 1024w, https:\/\/animo.eu\/wp-content\/uploads\/2024\/12\/Sfeer_top_view_cups_04-300x200.jpg 300w, https:\/\/animo.eu\/wp-content\/uploads\/2024\/12\/Sfeer_top_view_cups_04-768x513.jpg 768w, https:\/\/animo.eu\/wp-content\/uploads\/2024\/12\/Sfeer_top_view_cups_04-1536x1025.jpg 1536w, https:\/\/animo.eu\/wp-content\/uploads\/2024\/12\/Sfeer_top_view_cups_04-2048x1367.jpg 2048w, https:\/\/animo.eu\/wp-content\/uploads\/2024\/12\/Sfeer_top_view_cups_04-70x47.jpg 70w, https:\/\/animo.eu\/wp-content\/uploads\/2024\/12\/Sfeer_top_view_cups_04-550x367.jpg 550w, https:\/\/animo.eu\/wp-content\/uploads\/2024\/12\/Sfeer_top_view_cups_04-800x534.jpg 800w, https:\/\/animo.eu\/wp-content\/uploads\/2024\/12\/Sfeer_top_view_cups_04-150x100.jpg 150w\" sizes=\"(max-width: 1024px) 100vw, 1024px\" \/>                    <\/figure>\n                <\/div>\n                    <\/div>\n    <\/div>\n<\/section>\n\n<section  class=\"pane pane--white \">\n    <div class=\"container\">\n        <div class=\"row g-4 g-lg-8 g-xl-15 g-xxl-20  flex-lg-row-reverse\">\n                            <div class=\"col-12 col-lg-6\">\n                    <div class=\"pane__text\">\n                        <h3><strong>\u00c4r du redo att ut\u00f6ka ditt sortiment med premiumkaffemaskiner?<\/strong><\/h3>\n<p>P\u00e5 Animo tror vi p\u00e5 <strong>l\u00e5ngsiktiga partnerskap<\/strong> och bygger en stark marknadsposition tillsammans med v\u00e5ra \u00e5terf\u00f6rs\u00e4ljare. Med ett brett produktsortiment, utm\u00e4rkt support och premiumprodukter hj\u00e4lper vi dig att erbjuda kunderna den b\u00e4sta kaffel\u00f6sningen. <\/p>\n<p>Utforska v\u00e5rt sortiment och upplev sj\u00e4lv varf\u00f6r Animo \u00e4r det r\u00e4tta valet f\u00f6r ditt f\u00f6retag.<\/p>\n<p><strong>Se v\u00e5rt produktsortiment <a href=\"https:\/\/animo.eu\/sv\/vara-produkter\/\">h\u00e4r<\/a> <\/strong><\/p>\n<p><strong>Eller <a href=\"https:\/\/animo.eu\/sv\/kontakta\/\">kontakta oss<\/a><\/strong><\/p>\n<p>Animo &#8211; dedicated to every cup<\/p>\n                                                \n                    <\/div>\n                <\/div>\n                                        <div class=\"col-12 col-lg\">\n                    <figure class=\"figure image_reversed\">\n                                            <\/figure>\n                <\/div>\n                    <\/div>\n    <\/div>\n<\/section>\n","protected":false},"excerpt":{"rendered":"","protected":false},"author":2365,"featured_media":44245,"parent":43619,"menu_order":20,"comment_status":"closed","ping_status":"closed","template":"","meta":{"_acf_changed":false,"footnotes":""},"class_list":["post-77009","page","type-page","status-publish","has-post-thumbnail","hentry"],"acf":[],"yoast_head":"<!-- This site is optimized with the Yoast SEO plugin v25.5 - https:\/\/yoast.com\/wordpress\/plugins\/seo\/ -->\n<title>F\u00f6rdelar f\u00f6r \u00e5terf\u00f6rs\u00e4ljare<\/title>\n<meta name=\"description\" content=\"- Undrar du varf\u00f6r Animo g\u00f6r skillnad f\u00f6r dina kunder och ditt f\u00f6retag? Premium kaffemaskiner sedan 1950 - Tillverkade i Nederl\u00e4nderna\" \/>\n<meta name=\"robots\" content=\"index, follow, max-snippet:-1, max-image-preview:large, max-video-preview:-1\" \/>\n<link rel=\"canonical\" href=\"https:\/\/animo.eu\/sv\/om_animo\/fordelar-for-aterforsaljare\/\" \/>\n<meta property=\"og:locale\" content=\"sv_SE\" \/>\n<meta property=\"og:type\" content=\"article\" \/>\n<meta property=\"og:title\" content=\"F\u00f6rdelar f\u00f6r \u00e5terf\u00f6rs\u00e4ljare\" \/>\n<meta property=\"og:description\" content=\"- Undrar du varf\u00f6r Animo g\u00f6r skillnad f\u00f6r dina kunder och ditt f\u00f6retag? Premium kaffemaskiner sedan 1950 - Tillverkade i Nederl\u00e4nderna\" \/>\n<meta property=\"og:url\" content=\"https:\/\/animo.eu\/sv\/om_animo\/fordelar-for-aterforsaljare\/\" \/>\n<meta property=\"article:publisher\" content=\"https:\/\/www.facebook.com\/animobv\/\" \/>\n<meta property=\"article:modified_time\" content=\"2025-03-10T13:34:47+00:00\" \/>\n<meta property=\"og:image\" content=\"https:\/\/animo.eu\/wp-content\/uploads\/2024\/01\/Alle-MVO-images-vierkant.jpg\" \/>\n\t<meta property=\"og:image:width\" content=\"491\" \/>\n\t<meta property=\"og:image:height\" content=\"491\" \/>\n\t<meta property=\"og:image:type\" content=\"image\/jpeg\" \/>\n<meta name=\"twitter:card\" content=\"summary_large_image\" \/>\n<meta name=\"twitter:site\" content=\"@animokoffie\" \/>\n<script type=\"application\/ld+json\" class=\"yoast-schema-graph\">{\"@context\":\"https:\/\/schema.org\",\"@graph\":[{\"@type\":\"WebPage\",\"@id\":\"https:\/\/animo.eu\/sv\/om_animo\/fordelar-for-aterforsaljare\/\",\"url\":\"https:\/\/animo.eu\/sv\/om_animo\/fordelar-for-aterforsaljare\/\",\"name\":\"F\u00f6rdelar f\u00f6r \u00e5terf\u00f6rs\u00e4ljare\",\"isPartOf\":{\"@id\":\"https:\/\/animo.eu\/sv\/#website\"},\"primaryImageOfPage\":{\"@id\":\"https:\/\/animo.eu\/sv\/om_animo\/fordelar-for-aterforsaljare\/#primaryimage\"},\"image\":{\"@id\":\"https:\/\/animo.eu\/sv\/om_animo\/fordelar-for-aterforsaljare\/#primaryimage\"},\"thumbnailUrl\":\"https:\/\/animo.eu\/wp-content\/uploads\/2024\/01\/Alle-MVO-images-vierkant.jpg\",\"datePublished\":\"2025-03-05T12:54:58+00:00\",\"dateModified\":\"2025-03-10T13:34:47+00:00\",\"description\":\"- Undrar du varf\u00f6r Animo g\u00f6r skillnad f\u00f6r dina kunder och ditt f\u00f6retag? Premium kaffemaskiner sedan 1950 - Tillverkade i Nederl\u00e4nderna\",\"breadcrumb\":{\"@id\":\"https:\/\/animo.eu\/sv\/om_animo\/fordelar-for-aterforsaljare\/#breadcrumb\"},\"inLanguage\":\"sv-SE\",\"potentialAction\":[{\"@type\":\"ReadAction\",\"target\":[\"https:\/\/animo.eu\/sv\/om_animo\/fordelar-for-aterforsaljare\/\"]}]},{\"@type\":\"ImageObject\",\"inLanguage\":\"sv-SE\",\"@id\":\"https:\/\/animo.eu\/sv\/om_animo\/fordelar-for-aterforsaljare\/#primaryimage\",\"url\":\"https:\/\/animo.eu\/wp-content\/uploads\/2024\/01\/Alle-MVO-images-vierkant.jpg\",\"contentUrl\":\"https:\/\/animo.eu\/wp-content\/uploads\/2024\/01\/Alle-MVO-images-vierkant.jpg\",\"width\":491,\"height\":491},{\"@type\":\"BreadcrumbList\",\"@id\":\"https:\/\/animo.eu\/sv\/om_animo\/fordelar-for-aterforsaljare\/#breadcrumb\",\"itemListElement\":[{\"@type\":\"ListItem\",\"position\":1,\"name\":\"Home\",\"item\":\"https:\/\/animo.eu\/sv\/\"},{\"@type\":\"ListItem\",\"position\":2,\"name\":\"Om Animo\",\"item\":\"https:\/\/animo.eu\/sv\/om_animo\/\"},{\"@type\":\"ListItem\",\"position\":3,\"name\":\"F\u00f6rdelar f\u00f6r \u00e5terf\u00f6rs\u00e4ljare\"}]},{\"@type\":\"WebSite\",\"@id\":\"https:\/\/animo.eu\/sv\/#website\",\"url\":\"https:\/\/animo.eu\/sv\/\",\"name\":\"\",\"description\":\"\",\"potentialAction\":[{\"@type\":\"SearchAction\",\"target\":{\"@type\":\"EntryPoint\",\"urlTemplate\":\"https:\/\/animo.eu\/sv\/?s={search_term_string}\"},\"query-input\":{\"@type\":\"PropertyValueSpecification\",\"valueRequired\":true,\"valueName\":\"search_term_string\"}}],\"inLanguage\":\"sv-SE\"}]}<\/script>\n<!-- \/ Yoast SEO plugin. -->","yoast_head_json":{"title":"F\u00f6rdelar f\u00f6r \u00e5terf\u00f6rs\u00e4ljare","description":"- Undrar du varf\u00f6r Animo g\u00f6r skillnad f\u00f6r dina kunder och ditt f\u00f6retag? Premium kaffemaskiner sedan 1950 - Tillverkade i Nederl\u00e4nderna","robots":{"index":"index","follow":"follow","max-snippet":"max-snippet:-1","max-image-preview":"max-image-preview:large","max-video-preview":"max-video-preview:-1"},"canonical":"https:\/\/animo.eu\/sv\/om_animo\/fordelar-for-aterforsaljare\/","og_locale":"sv_SE","og_type":"article","og_title":"F\u00f6rdelar f\u00f6r \u00e5terf\u00f6rs\u00e4ljare","og_description":"- Undrar du varf\u00f6r Animo g\u00f6r skillnad f\u00f6r dina kunder och ditt f\u00f6retag? Premium kaffemaskiner sedan 1950 - Tillverkade i Nederl\u00e4nderna","og_url":"https:\/\/animo.eu\/sv\/om_animo\/fordelar-for-aterforsaljare\/","article_publisher":"https:\/\/www.facebook.com\/animobv\/","article_modified_time":"2025-03-10T13:34:47+00:00","og_image":[{"width":491,"height":491,"url":"https:\/\/animo.eu\/wp-content\/uploads\/2024\/01\/Alle-MVO-images-vierkant.jpg","type":"image\/jpeg"}],"twitter_card":"summary_large_image","twitter_site":"@animokoffie","schema":{"@context":"https:\/\/schema.org","@graph":[{"@type":"WebPage","@id":"https:\/\/animo.eu\/sv\/om_animo\/fordelar-for-aterforsaljare\/","url":"https:\/\/animo.eu\/sv\/om_animo\/fordelar-for-aterforsaljare\/","name":"F\u00f6rdelar f\u00f6r \u00e5terf\u00f6rs\u00e4ljare","isPartOf":{"@id":"https:\/\/animo.eu\/sv\/#website"},"primaryImageOfPage":{"@id":"https:\/\/animo.eu\/sv\/om_animo\/fordelar-for-aterforsaljare\/#primaryimage"},"image":{"@id":"https:\/\/animo.eu\/sv\/om_animo\/fordelar-for-aterforsaljare\/#primaryimage"},"thumbnailUrl":"https:\/\/animo.eu\/wp-content\/uploads\/2024\/01\/Alle-MVO-images-vierkant.jpg","datePublished":"2025-03-05T12:54:58+00:00","dateModified":"2025-03-10T13:34:47+00:00","description":"- Undrar du varf\u00f6r Animo g\u00f6r skillnad f\u00f6r dina kunder och ditt f\u00f6retag? Premium kaffemaskiner sedan 1950 - Tillverkade i Nederl\u00e4nderna","breadcrumb":{"@id":"https:\/\/animo.eu\/sv\/om_animo\/fordelar-for-aterforsaljare\/#breadcrumb"},"inLanguage":"sv-SE","potentialAction":[{"@type":"ReadAction","target":["https:\/\/animo.eu\/sv\/om_animo\/fordelar-for-aterforsaljare\/"]}]},{"@type":"ImageObject","inLanguage":"sv-SE","@id":"https:\/\/animo.eu\/sv\/om_animo\/fordelar-for-aterforsaljare\/#primaryimage","url":"https:\/\/animo.eu\/wp-content\/uploads\/2024\/01\/Alle-MVO-images-vierkant.jpg","contentUrl":"https:\/\/animo.eu\/wp-content\/uploads\/2024\/01\/Alle-MVO-images-vierkant.jpg","width":491,"height":491},{"@type":"BreadcrumbList","@id":"https:\/\/animo.eu\/sv\/om_animo\/fordelar-for-aterforsaljare\/#breadcrumb","itemListElement":[{"@type":"ListItem","position":1,"name":"Home","item":"https:\/\/animo.eu\/sv\/"},{"@type":"ListItem","position":2,"name":"Om Animo","item":"https:\/\/animo.eu\/sv\/om_animo\/"},{"@type":"ListItem","position":3,"name":"F\u00f6rdelar f\u00f6r \u00e5terf\u00f6rs\u00e4ljare"}]},{"@type":"WebSite","@id":"https:\/\/animo.eu\/sv\/#website","url":"https:\/\/animo.eu\/sv\/","name":"","description":"","potentialAction":[{"@type":"SearchAction","target":{"@type":"EntryPoint","urlTemplate":"https:\/\/animo.eu\/sv\/?s={search_term_string}"},"query-input":{"@type":"PropertyValueSpecification","valueRequired":true,"valueName":"search_term_string"}}],"inLanguage":"sv-SE"}]}},"_links":{"self":[{"href":"https:\/\/animo.eu\/sv\/wp-json\/wp\/v2\/pages\/77009"}],"collection":[{"href":"https:\/\/animo.eu\/sv\/wp-json\/wp\/v2\/pages"}],"about":[{"href":"https:\/\/animo.eu\/sv\/wp-json\/wp\/v2\/types\/page"}],"author":[{"embeddable":true,"href":"https:\/\/animo.eu\/sv\/wp-json\/wp\/v2\/users\/2365"}],"replies":[{"embeddable":true,"href":"https:\/\/animo.eu\/sv\/wp-json\/wp\/v2\/comments?post=77009"}],"version-history":[{"count":1,"href":"https:\/\/animo.eu\/sv\/wp-json\/wp\/v2\/pages\/77009\/revisions"}],"predecessor-version":[{"id":77010,"href":"https:\/\/animo.eu\/sv\/wp-json\/wp\/v2\/pages\/77009\/revisions\/77010"}],"up":[{"embeddable":true,"href":"https:\/\/animo.eu\/sv\/wp-json\/wp\/v2\/pages\/43619"}],"wp:featuredmedia":[{"embeddable":true,"href":"https:\/\/animo.eu\/sv\/wp-json\/wp\/v2\/media\/44245"}],"wp:attachment":[{"href":"https:\/\/animo.eu\/sv\/wp-json\/wp\/v2\/media?parent=77009"}],"curies":[{"name":"wp","href":"https:\/\/api.w.org\/{rel}","templated":true}]}}